{"id":41,"date":"2018-05-22T13:25:52","date_gmt":"2018-05-22T17:25:52","guid":{"rendered":"https:\/\/www.cegeptr.qc.ca\/leo\/?page_id=41"},"modified":"2024-05-30T14:36:51","modified_gmt":"2024-05-30T18:36:51","slug":"retour-aux-etudes-parent-aux-etudes","status":"publish","type":"page","link":"https:\/\/www.cegeptr.qc.ca\/leo\/adaptation\/retour-aux-etudes-parent-aux-etudes\/","title":{"rendered":"Retour aux \u00e9tudes &#8211; Parent aux \u00e9tudes"},"content":{"rendered":"<h1><img decoding=\"async\" class=\"size-full wp-image-133 alignleft\" src=\"https:\/\/www.cegeptr.qc.ca\/leo\/wp-content\/uploads\/sites\/32\/2018\/05\/Retour-Parents-aux-Etudes-serre.png\" alt=\"\" width=\"94\" height=\"90\" srcset=\"https:\/\/www.cegeptr.qc.ca\/leo\/wp-content\/uploads\/sites\/32\/2018\/05\/Retour-Parents-aux-Etudes-serre-52x50.png 52w, https:\/\/www.cegeptr.qc.ca\/leo\/wp-content\/uploads\/sites\/32\/2018\/05\/Retour-Parents-aux-Etudes-serre.png 94w\" sizes=\"(max-width: 94px) 100vw, 94px\" \/>RETOUR AUX \u00c9TUDES &#8211; PARENTS AUX \u00c9TUDES<\/h1>\n<h2><strong>\u00ab\u2009Il n\u2019est jamais trop tard\u2009!\u2009\u00bb<a id=\"regulier\"><\/a><\/strong><\/h2>\n<table style=\"border-collapse: collapse;width: 100%\" border=\"1\">\n<tbody>\n<tr>\n<td style=\"width: 50%;text-align: center\">\n<h3><strong><a href=\"#regulier\">Formation r\u00e9guli\u00e8re<\/a><\/strong><\/h3>\n<\/td>\n<td style=\"width: 50%;text-align: center\">\n<h3><strong><a href=\"#continue\">Formation continue<\/a><\/strong><\/h3>\n<\/td>\n<\/tr>\n<\/tbody>\n<\/table>\n<p>&nbsp;<\/p>\n<h3><strong>Formation r\u00e9guli\u00e8re<\/strong><\/h3>\n<div class=\"fusion-fullwidth fullwidth-box fusion-builder-row-1 hundred-percent-fullwidth non-hundred-percent-height-scrolling\" style=\"--awb-border-radius-top-left:0px;--awb-border-radius-top-right:0px;--awb-border-radius-bottom-right:0px;--awb-border-radius-bottom-left:0px;--awb-overflow:visible;--awb-flex-wrap:wrap;\" ><div class=\"fusion-builder-row fusion-row\"><div class=\"fusion-layout-column fusion_builder_column fusion-builder-column-0 fusion_builder_column_1_1 1_1 fusion-one-full fusion-column-first fusion-column-last fusion-column-no-min-height\" style=\"--awb-bg-size:cover;--awb-margin-bottom:0px;\"><div class=\"fusion-column-wrapper fusion-flex-column-wrapper-legacy\"><div class=\"su-accordion su-u-trim\">\n<div class=\"su-spoiler su-spoiler-style-default su-spoiler-icon-plus su-spoiler-closed\" data-scroll-offset=\"0\" data-anchor-in-url=\"no\"><div class=\"su-spoiler-title\" tabindex=\"0\" role=\"button\"><span class=\"su-spoiler-icon\"><\/span><strong>Horaire<\/strong><\/div><div class=\"su-spoiler-content su-u-clearfix su-u-trim\">\n<p>L\u2019horaire de cours du c\u00e9gep est de 8 h \u00e0 17 h 45.<\/p>\n<p>Tu auras plusieurs p\u00e9riodes libres. Ne te laisse pas bercer d\u2019illusions, ces derni\u00e8res sont l\u00e0 pour tes travaux et tes \u00e9tudes. Si tu sais les utiliser, elles te permettront d\u2019avoir moins d\u2019\u00e9tudes \u00e0 faire le soir et les week-ends.<\/p>\n<p>Tu peux b\u00e9n\u00e9ficier d\u2019une contrainte \u00e0 ton horaire qui te permet d\u2019avoir soit :<br \/>\n1- le moins de cours possible \u00e0 8 h (dur\u00e9e de la p\u00e9riode : 8 h \u00e0 8 h 50)<br \/>\n2- le moins de cours possible \u00e0 17 h (dur\u00e9e de la p\u00e9riode 16 h 55 \u00e0 17 h 45).<\/p>\n<p><a href=\"https:\/\/www.cegeptr.qc.ca\/etudiants-actuels\/services-psychosociaux\/\" target=\"_blank\" rel=\"noopener noreferrer\">Contacte les services psychosociaux<\/a> pour \u00eatre inscrit \u00e0 cette mesure d\u2019aide. Cependant, cette demande doit \u00eatre faite avant le 15 juin pour la session d\u2019automne et avant le 15 d\u00e9cembre pour la session d\u2019hiver.<\/p>\n<p>Pr\u00eate attention \u00e0 la <a href=\"https:\/\/www.cegeptr.qc.ca\/comprendre-grille-cours\/\" target=\"_blank\" rel=\"noopener noreferrer\">pond\u00e9ration pr\u00e9vue pour tes cours<\/a>, c\u2019est un bon crit\u00e8re de planification. Toutefois, il faut pr\u00e9voir que certaines semaines seront plus ou moins charg\u00e9es selon le moment de la session.<\/p>\n<p>La session d\u2019automne commence \u00e0 la mi-ao\u00fbt pour se terminer \u00e0 No\u00ebl.<\/p>\n<p>La session d\u2019hiver commence vers la troisi\u00e8me semaine de janvier et se termine \u00e0 la fin mai.<\/p>\n<p>Chaque session comporte 15 semaines de cours, une semaine de rel\u00e2che des cours (mi-session) et une semaine d\u2019examens (fin de session).<\/p>\n<p><strong>Attention!<\/strong> Dans notre r\u00e9gion, au mois de mars, la semaine de rel\u00e2che des enfants n\u2019est jamais en m\u00eame temps que celle du c\u00e9gep.<\/p>\n<\/div><\/div>\n<div class=\"su-spoiler su-spoiler-style-default su-spoiler-icon-plus su-spoiler-closed\" data-scroll-offset=\"0\" data-anchor-in-url=\"no\"><div class=\"su-spoiler-title\" tabindex=\"0\" role=\"button\"><span class=\"su-spoiler-icon\"><\/span><strong>Absence<\/strong><\/div><div class=\"su-spoiler-content su-u-clearfix su-u-trim\">\n<p>Au c\u00e9gep, chaque professeur applique une politique d\u2019absence li\u00e9e \u00e0 la <a href=\"https:\/\/www.cegeptr.qc.ca\/politiques-reglements-procedures\/\" target=\"_blank\" rel=\"noopener noreferrer\"><strong>proc\u00e9dure<\/strong> relative \u00e0 la pr\u00e9sence aux cours (PR-209)<\/a>. Tu pourrais \u00eatre oblig\u00e9 d\u2019avoir un billet m\u00e9dical pour justifier ton absence, et ce, m\u00eame si c\u2019\u00e9tait pour prendre soin de ton enfant. Et n\u2019oublie pas, il y a un nombre maximal d\u2019absences accept\u00e9.<\/p>\n<p>Il est souhaitable, si tu as des enfants, de pr\u00e9voir de l\u2019aide de parents ou d\u2019amis pour t\u2019aider dans les p\u00e9riodes o\u00f9 tes enfants seraient malades.<\/p>\n<\/div><\/div>\n<div class=\"su-spoiler su-spoiler-style-default su-spoiler-icon-plus su-spoiler-closed\" data-scroll-offset=\"0\" data-anchor-in-url=\"no\"><div class=\"su-spoiler-title\" tabindex=\"0\" role=\"button\"><span class=\"su-spoiler-icon\"><\/span><strong>Aide au cheminement scolaire<\/strong><\/div><div class=\"su-spoiler-content su-u-clearfix su-u-trim\">\n<p>Si les exigences scolaires te font envisager l\u2019abandon de cours ou de la session, ne prends pas cette d\u00e9cision avant d\u2019avoir parl\u00e9 \u00e0 ton <a href=\"https:\/\/www.cegeptr.qc.ca\/aide-pedagogique-individuelle\/\" target=\"_blank\" rel=\"noopener noreferrer\">aide p\u00e9dagogique individuelle (API)<\/a>. Il y a plus d\u2019une fa\u00e7on de r\u00e9ussir son coll\u00e9gial.<\/p>\n<p><strong>Important :<\/strong> il y a une date limite d\u2019abandon. Il est important de la respecter si tu ne veux pas qu\u2019un \u00e9chec soit inscrit sur ton relev\u00e9 de notes.<\/p>\n<p>Il n\u2019est pas rare que les adultes qui font un retour aux \u00e9tudes choisissent d\u2019all\u00e9ger leur session d\u2019automne ou d\u2019hiver et suivent un cours d\u2019\u00e9t\u00e9. Prends le temps de bien t\u2019informer, car cela pourrait ne pas te convenir.<\/p>\n<p>Ce qu\u2019il faut savoir :<\/p>\n<ul>\n<li>il y a des frais d\u2019inscription pour ces cours d\u2019\u00e9t\u00e9\u2009;<\/li>\n<li>des avantages financiers pourraient s\u2019appliquer dans certaines situations\u2009;<\/li>\n<li>le c\u00e9gep offre deux sessions de cours durant l\u2019\u00e9t\u00e9 : juin et juillet\u2009;<\/li>\n<li>en juin, les cours sont offerts en soir\u00e9e : 5 soirs par semaine\u2009;<\/li>\n<li>en juillet, les cours sont offerts le jour : 5 jours par semaine.<\/li>\n<\/ul>\n<p><strong>ATTENTION!<\/strong> Seulement quelques cours sont offerts et toute modification \u00e0 ton parcours pourrait avoir des cons\u00e9quences sur ton nombre de sessions ou tes pr\u00eats et bourses.<\/p>\n<\/div><\/div>\n<div class=\"su-spoiler su-spoiler-style-default su-spoiler-icon-plus su-spoiler-closed\" data-scroll-offset=\"0\" data-anchor-in-url=\"no\"><div class=\"su-spoiler-title\" tabindex=\"0\" role=\"button\"><span class=\"su-spoiler-icon\"><\/span><strong>Fran\u00e7ais<\/strong><\/div><div class=\"su-spoiler-content su-u-clearfix su-u-trim\">\n<p>Si tu es en <strong>fran\u00e7ais renforcement<\/strong> : ce cours est plac\u00e9 \u00e0 ton horaire pour t\u2019aider \u00e0 r\u00e9viser les r\u00e8gles de fran\u00e7ais et de r\u00e9daction qui te permettront de r\u00e9ussir tes cours au coll\u00e9gial.<\/p>\n<p>Si tu es dans un cours de<strong> fran\u00e7ais r\u00e9gulier<\/strong> et que tu es inquiet pour ta r\u00e9ussite : tu peux t\u2019inscrire au Centre d\u2019apprentissage et de ressources linguistiques (CARL). Des \u00e9tudiants, supervis\u00e9s par des professeurs de fran\u00e7ais, d\u00e9terminent tes difficult\u00e9s et te proposent des exercices appropri\u00e9s.<br \/>\nD\u00e9p\u00eache-toi! Le nombre de places est limit\u00e9.<\/p>\n<p>Au C\u00e9gep de Trois-Rivi\u00e8res, l\u2019\u00e9valuation des travaux et des examens, dans toutes les disciplines, prend en compte la qualit\u00e9 de la langue selon une proportion d\u00e9termin\u00e9e par les divers d\u00e9partements.<\/p>\n<p><a href=\"https:\/\/www.cegeptr.qc.ca\/politiques-reglements-procedures\/\" target=\"_blank\" rel=\"noopener noreferrer\">Politique relative \u00e0 l\u2019emploi et \u00e0 la qualit\u00e9 de la langue fran\u00e7aise (P-213)<\/a><\/p>\n<\/div><\/div>\n<div class=\"su-spoiler su-spoiler-style-default su-spoiler-icon-plus su-spoiler-closed\" data-scroll-offset=\"0\" data-anchor-in-url=\"no\"><div class=\"su-spoiler-title\" tabindex=\"0\" role=\"button\"><span class=\"su-spoiler-icon\"><\/span><strong>Pr\u00eats et bourses<\/strong><\/div><div class=\"su-spoiler-content su-u-clearfix su-u-trim\">\n<p>Chaque demande est unique. Surtout, ne tiens pas pour acquises toutes les rumeurs que tu entendras. En tout temps, tu peux contacter la responsable de l\u2019aide financi\u00e8re (pr\u00eats et bourses) qui peut v\u00e9rifier ton dossier, analyser ta situation et trouver des solutions.<\/p>\n<p>C\u2019est un service humain, discret et professionnel!<\/p>\n<a href=\"http:\/\/www.afe.gouv.qc.ca\/\" class=\"su-button su-button-style-flat\" style=\"color:#FFFFFF;background-color:#fd8204;border-color:#cb6804;border-radius:7px\" target=\"_blank\" rel=\"noopener noreferrer\"><span style=\"color:#FFFFFF;padding:0px 20px;font-size:16px;line-height:32px;border-color:#fea850;border-radius:7px;text-shadow:none\"> Remplir une demande<\/span><\/a>\n<p>&nbsp;<\/p>\n<p>Si tu \u00e9prouves des difficult\u00e9s financi\u00e8res, prends le temps d\u2019en parler avec un membre de nos <a href=\"https:\/\/www.cegeptr.qc.ca\/etudiants-actuels\/services-psychosociaux\/\" target=\"_blank\" rel=\"noopener noreferrer\">services psychosociaux<\/a> ou la responsable de l\u2019<a href=\"https:\/\/www.cegeptr.qc.ca\/aide-financiere\/\" target=\"_blank\" rel=\"noopener noreferrer\">aide financi\u00e8re<\/a>. Qui sait, le c\u00e9gep a peut-\u00eatre quelque chose \u00e0 t\u2019offrir!<\/p>\n<p>Si tu as une attestation d\u2019un diagnostic (par ex. : diab\u00e8te type I, maladie de Crohn) ou d\u2019une d\u00e9ficience motrice (par ex. : une hernie discale), il est important que tu consultes la responsable financi\u00e8re, car tu dois remplir d\u2019autres formulaires.<\/p>\n<p>Si tu cherches des informations sur divers programmes de bourses, consulte le site de la <a href=\"https:\/\/fondation.cegeptr.qc.ca\/\" target=\"_blank\" rel=\"noopener noreferrer\">Fondation du C\u00e9gep de Trois-Rivi\u00e8res<\/a>.<\/p>\n<p>D\u00e8s le mois de mai, tu peux compl\u00e9ter ta demande de pr\u00eats et bourses pour la rentr\u00e9e de l\u2019automne. Ne tarde pas, car certains dossiers prennent jusqu\u2019\u00e0 six semaines avant d\u2019avoir une r\u00e9ponse.<\/p>\n<p>Si tu fais ta rentr\u00e9e en janvier, tu peux compl\u00e9ter ta demande d\u00e8s que tu es accept\u00e9 par le c\u00e9gep.<\/p>\n<\/div><\/div>\n<div class=\"su-spoiler su-spoiler-style-default su-spoiler-icon-plus su-spoiler-closed\" data-scroll-offset=\"0\" data-anchor-in-url=\"no\"><div class=\"su-spoiler-title\" tabindex=\"0\" role=\"button\"><span class=\"su-spoiler-icon\"><\/span><strong>Assurances<\/strong><\/div><div class=\"su-spoiler-content su-u-clearfix su-u-trim\">\n<p>L\u2019Association g\u00e9n\u00e9rale des \u00e9tudiants du C\u00e9gep de Trois-Rivi\u00e8res a n\u00e9goci\u00e9 un contrat d\u2019assurance avec <a href=\"http:\/\/www.planmajor.ca\/fr\/associations\/agectr\" target=\"_blank\" rel=\"noopener noreferrer\">PLAN MAJOR<\/a>. Pour en savoir plus sur les couvertures, la r\u00e9clamation ou le d\u00e9sistement, consulte leur site.<\/p>\n<\/div><\/div>\n<div class=\"su-spoiler su-spoiler-style-default su-spoiler-icon-plus su-spoiler-closed\" data-scroll-offset=\"0\" data-anchor-in-url=\"no\"><div class=\"su-spoiler-title\" tabindex=\"0\" role=\"button\"><span class=\"su-spoiler-icon\"><\/span><strong>Adaptation\/Int\u00e9gration<\/strong><\/div><div class=\"su-spoiler-content su-u-clearfix su-u-trim\">\n<p>Parfois, les adultes qui font un retour aux \u00e9tudes dans les programmes r\u00e9guliers sont inquiets quant \u00e0 leur int\u00e9gration aupr\u00e8s des jeunes.<\/p>\n<p>M\u00eame si tu ne peux pas aller \u00e0 tous les partys et que tu n\u2019as pas la m\u00eame disponibilit\u00e9 que les autres \u00e9tudiants, on appr\u00e9cie ton d\u00e9sir d\u2019apprendre, tes efforts pour r\u00e9ussir, ton int\u00e9r\u00eat pour les cours. Tu es souvent consid\u00e9r\u00e9 comme une personne inspirante et encourageante.<\/p>\n<p>Prends le temps d\u2019aller vers les plus jeunes, tu feras \u00e0 coup s\u00fbr de belles rencontres. En effet, si vous \u00eates dans les m\u00eames cours, vous avez s\u00fbrement des int\u00e9r\u00eats communs.<\/p>\n<p>Si tu souhaites avoir des informations sur tes droits ou si tu vis un conflit, n\u2019oublie pas que l\u2019Association g\u00e9n\u00e9rale des \u00e9tudiants est l\u00e0 pour t\u2019informer, t\u2019aider \u00e0 te d\u00e9fendre ou te diriger vers les bonnes ressources.<\/p>\n<\/div><\/div>\n<div class=\"su-spoiler su-spoiler-style-default su-spoiler-icon-plus su-spoiler-closed\" data-scroll-offset=\"0\" data-anchor-in-url=\"no\"><div class=\"su-spoiler-title\" tabindex=\"0\" role=\"button\"><span class=\"su-spoiler-icon\"><\/span><strong>D\u00e9fi sant\u00e9<\/strong><\/div><div class=\"su-spoiler-content su-u-clearfix su-u-trim\">\n<p>Le C\u00e9gep offre un programme d\u2019activit\u00e9s appel\u00e9 <a href=\"https:\/\/www.cegeptr.qc.ca\/defi-sante\/\" target=\"_blank\" rel=\"noopener noreferrer\">D\u00e9fi sant\u00e9<\/a>. Celles-ci sont ouvertes \u00e0 toute la communaut\u00e9 coll\u00e9giale.<\/p>\n<p>Au secteur de la formation r\u00e9guli\u00e8re, certains cours d\u2019\u00e9ducation physique obligent leurs \u00e9tudiants \u00e0 participer \u00e0 un certain nombre d\u2019activit\u00e9s du D\u00e9fi sant\u00e9. Tu recevras plus d\u2019informations dans tes cours.<\/p>\n<\/div><\/div>\n<div class=\"su-spoiler su-spoiler-style-default su-spoiler-icon-plus su-spoiler-closed\" data-scroll-offset=\"0\" data-anchor-in-url=\"no\"><div class=\"su-spoiler-title\" tabindex=\"0\" role=\"button\"><span class=\"su-spoiler-icon\"><\/span><strong>Implication et engagement<\/strong><\/div><div class=\"su-spoiler-content su-u-clearfix su-u-trim\">\n<p>L\u2019implication et l\u2019engagement sont des facteurs de r\u00e9ussite reconnus. Il y a une place pour toi au c\u00e9gep, tu n\u2019as qu\u2019\u00e0 choisir.<\/p>\n<p>Pour faire de ton passage au c\u00e9gep une exp\u00e9rience m\u00e9morable, on a regroup\u00e9 pour toi nos activit\u00e9s ludiques, nos possibilit\u00e9s d\u2019implication et des regroupements pouvant te faire rencontrer des personnes qui partagent ta r\u00e9alit\u00e9 ou tes int\u00e9r\u00eats! \u00c9pluche la liste et n\u2019h\u00e9site pas \u00e0 signifier ton int\u00e9r\u00eat ou \u00e0 poser tes questions au responsable.<\/p>\n<ul>\n<li><a href=\"https:\/\/www.cegeptr.qc.ca\/etudiants-actuels\/napolitaine\/\" target=\"_blank\" rel=\"noopener\">Napolitaine<\/a><\/li>\n<\/ul>\n<p>Pour des exp\u00e9riences sportives : m\u00eame si tu as plus de 22 ans, le c\u00e9gep t\u2019offre la possibilit\u00e9 de devenir un athl\u00e8te des Diablos dans certaines disciplines. Ce service offre \u00e9galement des emplois de quelques heures par semaine ou par session, comme responsable de plateau, statisticien, etc. Si cela t\u2019int\u00e9resse, informe-toi aupr\u00e8s du <a href=\"http:\/\/diablos.cegeptr.qc.ca\/\" target=\"_blank\" rel=\"noopener noreferrer\">Service des sports<\/a>.<\/p>\n<ul>\n<li><a href=\"https:\/\/www.cegeptr.qc.ca\/etudiants-actuels\/diablos\/\" target=\"_blank\" rel=\"noopener\">Les Diablos<\/a><\/li>\n<\/ul>\n<\/div><\/div>\n<div class=\"su-spoiler su-spoiler-style-default su-spoiler-icon-plus su-spoiler-closed\" data-scroll-offset=\"0\" data-anchor-in-url=\"no\"><div class=\"su-spoiler-title\" tabindex=\"0\" role=\"button\"><span class=\"su-spoiler-icon\"><\/span><strong>Services adapt\u00e9s<\/strong><\/div><div class=\"su-spoiler-content su-u-clearfix su-u-trim\">\n<p>Les <a href=\"https:\/\/www.cegeptr.qc.ca\/services-adaptes\/\" target=\"_blank\" rel=\"noopener\">Services adapt\u00e9s<\/a> accompagnent les \u00e9tudiants pr\u00e9sentant une\u00a0<strong>limitation diagnostiqu\u00e9e <\/strong><span class=\"ui-provider a b c d e f g h i j k l m n o p q r s t u v w x y z ab ac ae af ag ah ai aj ak\" dir=\"ltr\">ou ayant b\u00e9n\u00e9fici\u00e9 d&rsquo;un plan d&rsquo;intervention au secondaire, dans leur parcours coll\u00e9gial en leur offrant des mesures adaptatives afin de favoriser leur int\u00e9gration et leur r\u00e9ussite.<\/span><\/p>\n<p><a href=\"https:\/\/www.cegeptr.qc.ca\/wp-content\/uploads\/2020\/05\/demande-de-rendez-vous_services-adaptes.pdf\" target=\"_blank\" rel=\"noopener noreferrer\">Pour faire une demande.<\/a><\/p>\n<\/div><\/div>\n<div class=\"su-spoiler su-spoiler-style-default su-spoiler-icon-plus su-spoiler-closed\" data-scroll-offset=\"0\" data-anchor-in-url=\"no\"><div class=\"su-spoiler-title\" tabindex=\"0\" role=\"button\"><span class=\"su-spoiler-icon\"><\/span><strong>Plusieurs formes d'aide<\/strong><\/div><div class=\"su-spoiler-content su-u-clearfix su-u-trim\">\n<p>Au c\u00e9gep, tu trouveras plusieurs formes d\u2019aide pour ta r\u00e9ussite. Tu seras surpris de d\u00e9couvrir tout ce qui est offert pour la r\u00e9ussite de ton projet d\u2019\u00e9tudes.<\/p>\n<ul>\n<li>CARL \/ CAM : Centre d\u2019aide en fran\u00e7ais et en math\u00e9matiques<\/li>\n<li>Centre de d\u00e9pannage linguistique<\/li>\n<li>Centre d\u2019aide en litt\u00e9ratie et philosophie<\/li>\n<li>CAS : centre d\u2019aide en sciences<\/li>\n<li>CASH : centre d\u2019aide en sciences humaines<\/li>\n<li>Centre de d\u00e9pannage en math\u00e9matiques<\/li>\n<\/ul>\n<p>Informe-toi\u00a0: <a href=\"https:\/\/www.cegeptr.qc.ca\/centres-aide\/\">Centres d&rsquo;aide &#8211; C\u00e9gep de Trois-Rivi\u00e8res (cegeptr.qc.ca)<\/a><\/p>\n<p>Tutorat \/ mentorat par les pairs\u00a0: <a href=\"https:\/\/www.cegeptr.qc.ca\/tutorat-par-les-pairs\/\">Le tutorat par les pairs au C\u00e9gep de Trois-Rivi\u00e8res (cegeptr.qc.ca)<\/a><\/p>\n<p>En d\u00e9but de session et au retour de la semaine d\u2019\u00e9tudes, les Services adapt\u00e9s offrent des ateliers \u00e0 tous les \u00e9tudiants du c\u00e9gep.<\/p>\n<p>Voici des exemples d\u2019ateliers offerts\u00a0:<\/p>\n<ul>\n<li>Strat\u00e9gies de lecture;<\/li>\n<li>L\u2019utilisation d\u2019antidote;<\/li>\n<li>L\u2019organisation;<\/li>\n<li>Pr\u00e9sentations aux examens;<\/li>\n<li>Prise de notes.<\/li>\n<\/ul>\n<p>Informe-toi aupr\u00e8s de ce service pour connaitre les d\u00e9tails. <a href=\"https:\/\/www.cegeptr.qc.ca\/services-adaptes\/\">Services adapt\u00e9s &#8211; C\u00e9gep de Trois-Rivi\u00e8res (cegeptr.qc.ca)<\/a><\/p>\n<\/div><\/div>\n<div class=\"su-spoiler su-spoiler-style-default su-spoiler-icon-plus su-spoiler-closed\" data-scroll-offset=\"0\" data-anchor-in-url=\"no\"><div class=\"su-spoiler-title\" tabindex=\"0\" role=\"button\"><span class=\"su-spoiler-icon\"><\/span><strong>Difficult\u00e9s personnelles, familiales ou relationnelles<\/strong><\/div><div class=\"su-spoiler-content su-u-clearfix su-u-trim\">\n<p>Tu as besoin de parler \u00e0 quelqu\u2019un de neutre qui ne te jugera pas? Tu te sens d\u00e9pass\u00e9 par un \u00e9v\u00e8nement ou tu vis une p\u00e9riode difficile? L\u2019\u00e9quipe des Services psychosociaux du c\u00e9gep est l\u00e0 pour t\u2019\u00e9couter et te soutenir.<\/p>\n<p>N\u2019h\u00e9site pas \u00e0 prendre rendez-vous. Les consultations sont gratuites et confidentielles. En tout temps, tu seras \u00e9cout\u00e9 et respect\u00e9.<\/p>\n<p>Services psychosociaux :\u00a0<a href=\"https:\/\/www.cegeptr.qc.ca\/etudiants-actuels\/services-psychosociaux\/\">Services psychosociaux &#8211; C\u00e9gep de Trois-Rivi\u00e8res (cegeptr.qc.ca)<\/a><\/p>\n<p><strong>Bureau d\u2019accueil VACS sur les violences \u00e0 caract\u00e8re sexuel (VACS)<\/strong><\/p>\n<p>Tu veux savoir quoi faire si tu es t\u00e9moin d\u2019une violence \u00e0 caract\u00e8re sexuel? Tu es toi-m\u00eame victime ou tu te questionnes l\u00e0-dessus?<\/p>\n<p>Le Coll\u00e8ge a le souci d\u2019offrir \u00e0 l\u2019ensemble de la communaut\u00e9 coll\u00e9giale un milieu de vie exempt de violences \u00e0 caract\u00e8re sexuel. \u00c0 cet effet, plusieurs mesures sont mises en place afin de pr\u00e9venir, de sensibiliser, de prot\u00e9ger et d\u2019agir pour contrer les violences \u00e0 caract\u00e8re sexuel. Il s\u2019agit de la responsabilit\u00e9 de tous.<\/p>\n<p><a href=\"https:\/\/www.cegeptr.qc.ca\/etudiants-actuels\/vacs\/\">Violences sexuelles &#8211; VACS &#8211; C\u00e9gep de Trois-Rivi\u00e8res (cegeptr.qc.ca)<\/a><\/p>\n<\/div><\/div>\n<div class=\"su-spoiler su-spoiler-style-default su-spoiler-icon-plus su-spoiler-closed\" data-scroll-offset=\"0\" data-anchor-in-url=\"no\"><div class=\"su-spoiler-title\" tabindex=\"0\" role=\"button\"><span class=\"su-spoiler-icon\"><\/span><strong>Centre de la petite enfance<\/strong><\/div><div class=\"su-spoiler-content su-u-clearfix su-u-trim\">\n<p>Le centre situ\u00e9 sur le terrain du c\u00e9gep s\u2019appelle le <a href=\"https:\/\/www.cegeptr.qc.ca\/population\/cpe-saute-mouton\/\" target=\"_blank\" rel=\"noopener noreferrer\">CPE Saute-mouton<\/a>. Pour demander une place pour ton enfant, tu t\u2019inscris sur le site <a href=\"https:\/\/www.laplace0-5.com\/\" target=\"_blank\" rel=\"noopener noreferrer\">La Place 0-5<\/a>.<\/p>\n<p>N\u2019oublie pas de sp\u00e9cifier que tu es \u00e9tudiant au c\u00e9gep. Il y a une priorit\u00e9 accord\u00e9e aux \u00e9tudiants et au personnel du c\u00e9gep. Toutefois, malgr\u00e9 cette priorit\u00e9, il n\u2019est pas garanti que tu aies une place. Adresse une demande d\u00e8s que tu penses venir au c\u00e9gep.<\/p>\n<p>Tu peux \u00e9galement aller visiter l\u2019endroit.<\/p>\n<\/div><\/div>\n<div class=\"su-spoiler su-spoiler-style-default su-spoiler-icon-plus su-spoiler-closed\" data-scroll-offset=\"0\" data-anchor-in-url=\"no\"><div class=\"su-spoiler-title\" tabindex=\"0\" role=\"button\"><span class=\"su-spoiler-icon\"><\/span><strong>Stationnement<\/strong><\/div><div class=\"su-spoiler-content su-u-clearfix su-u-trim\">\n<p><strong>\u00c9tudiante et \u00e9tudiants actuels<\/strong><br \/>\nSurveille les actualit\u00e9s et messages sur Omnivox <strong>d\u00e9but mai<\/strong> pour connaitre les pr\u00e9cisions sur le processus de demande de permis de stationnement.<\/p>\n<p><strong>Nouveaux admis \u00e0 l\u2019automne<\/strong><br \/>\nSurveille les actualit\u00e9s et messages sur Omnivox vers la <strong>mi-juin<\/strong> pour connaitre les pr\u00e9cisions sur le processus de demande de permis de stationnement.<\/p>\n<p>Stationnement :\u00a0<a href=\"https:\/\/www.cegeptr.qc.ca\/le-stationnement\/\">Le stationnement du C\u00e9gep de Trois-Rivi\u00e8res (cegeptr.qc.ca)<\/a><\/p>\n<\/div><\/div>\n<div class=\"su-spoiler su-spoiler-style-default su-spoiler-icon-plus su-spoiler-closed\" data-scroll-offset=\"0\" data-anchor-in-url=\"no\"><div class=\"su-spoiler-title\" tabindex=\"0\" role=\"button\"><span class=\"su-spoiler-icon\"><\/span><strong>\u00c9copasse<\/strong><\/div><div class=\"su-spoiler-content su-u-clearfix su-u-trim\">\n<p>Tous les \u00e9tudiants inscrits \u00e0 temps plein ou \u00e9tant r\u00e9put\u00e9s \u00e0 temps plein selon les normes des services du registraire ET dans un programme r\u00e9gulier paient pour l\u2019\u00c9copasse. Il y a \u00e9galement des avantages pr\u00e9vus pour ceux et celles qui font du covoiturage. <a href=\"http:\/\/www.cegeptr.qc.ca\/ecopasse\/\" target=\"_blank\" rel=\"noopener noreferrer\">Consulte la page web de l&rsquo;\u00c9copasse<\/a>.<\/p>\n<\/div><\/div>\n<p><a id=\"continue\"><\/a><div class=\"su-spoiler su-spoiler-style-default su-spoiler-icon-plus su-spoiler-closed\" data-scroll-offset=\"0\" data-anchor-in-url=\"no\"><div class=\"su-spoiler-title\" tabindex=\"0\" role=\"button\"><span class=\"su-spoiler-icon\"><\/span><strong>R\u00e9sidences<\/strong><\/div><div class=\"su-spoiler-content su-u-clearfix su-u-trim\">\n<p>Que tu sois inscrit dans un programme r\u00e9gulier ou \u00e0 la formation continue, tu peux adresser une demande au <a href=\"https:\/\/www.cegeptr.qc.ca\/residences\/\" target=\"_blank\" rel=\"noopener noreferrer\">service des r\u00e9sidences du c\u00e9gep<\/a>.<\/p>\n<\/div><\/div>\n<div class=\"su-spoiler su-spoiler-style-default su-spoiler-icon-plus su-spoiler-closed\" data-scroll-offset=\"0\" data-anchor-in-url=\"no\"><div class=\"su-spoiler-title\" tabindex=\"0\" role=\"button\"><span class=\"su-spoiler-icon\"><\/span><strong>Trucs et conseils<\/strong><\/div><div class=\"su-spoiler-content su-u-clearfix su-u-trim\">\n<p><strong>Planifie ton horaire<\/strong> d\u2019\u00e9tude et fais-le connaitre aux membres de ta famille en l\u2019affichant sur le frigo!<\/p>\n<p><strong>Isole-toi<\/strong> dans une pi\u00e8ce am\u00e9nag\u00e9e \u00e0 cette fin pour entreprendre tes lectures et tes travaux. Ce doit \u00eatre ton abri nucl\u00e9aire!<\/p>\n<p>Demande \u00e0 ton conjoint ou \u00e0 toute autre personne-ressource de s\u2019occuper des enfants pendant tes p\u00e9riodes d\u2019\u00e9tude et en p\u00e9riodes d\u2019examens. <strong>\u00c9vite d\u2019\u00eatre d\u00e9rang\u00e9 \u00e0 chaque instant<\/strong>!<\/p>\n<p>\u00c9vite \u00e0 tout prix de chercher \u00e0 atteindre \u00ab\u2009la perfection\u2009\u00bb. Ceci diminuera ta pression et ton stress. Il faut que tu sois capable de <strong>doser tes attentes<\/strong> par rapport \u00e0 toi-m\u00eame. Le contexte est bien diff\u00e9rent de celui quand tu \u00e9tais jeune \u00e9tudiant(e)!<\/p>\n<p><strong>Associe-toi \u00e0 des coll\u00e8gues<\/strong> de classe pour t\u2019aider, collaborer et partager de l\u2019information ou des connaissances. \u00ab\u2009Seul on va plus vite, ensemble on va plus loin\u2009\u00bb.<\/p>\n<p>Accorde-toi du temps pour toi et pour les membres de ta famille (activit\u00e9s de plein air ou sportives ou toute autre activit\u00e9 te permettant de te lib\u00e9rer l\u2019esprit). <strong>Tu dois absolument te lib\u00e9rer les neurones!<\/strong><\/p>\n<p>\u00c9value les <strong>distractions habituelles<\/strong> qui t\u2019emp\u00eachent d\u2019accomplir tes \u00e9tudes \u00e0 la maison (ex. : sonnerie du t\u00e9l\u00e9phone, bruits de la t\u00e9l\u00e9vision, courriel, m\u00e9dias sociaux). <strong>Trouve des moyens pour les limiter.<\/strong> Fermer la sonnerie du t\u00e9l\u00e9phone, \u00e9teindre le t\u00e9l\u00e9viseur et d\u00e9sactiver le logiciel de courriel sont des trucs efficaces. Facile \u00e0 donner comme conseil, mais aussi tr\u00e8s difficile \u00e0 suivre!<\/p>\n<p>Planifie tes travaux et tes lectures afin de <strong>r\u00e9partir la charge de travail<\/strong> tout au long de la session. Il faut surtout \u00e9viter de procrastiner, c\u2019est-\u00e0-dire remettre \u00e0 plus tard. <strong>Utilise un agenda<\/strong> papier ou informatique de type Microsoft Outlook!<\/p>\n<\/div><\/div>\n<\/div>\n<h3><strong>Formation continue<\/strong><\/h3>\n<div class=\"fusion-clearfix\"><\/div><\/div><\/div><div class=\"fusion-layout-column fusion_builder_column fusion-builder-column-1 fusion_builder_column_1_1 1_1 fusion-one-full fusion-column-first fusion-column-last fusion-column-no-min-height\" style=\"--awb-bg-size:cover;--awb-margin-bottom:0px;\"><div class=\"fusion-column-wrapper fusion-flex-column-wrapper-legacy\"><div class=\"su-accordion su-u-trim\">\n<div class=\"su-spoiler su-spoiler-style-default su-spoiler-icon-plus su-spoiler-closed\" data-scroll-offset=\"0\" data-anchor-in-url=\"no\"><div class=\"su-spoiler-title\" tabindex=\"0\" role=\"button\"><span class=\"su-spoiler-icon\"><\/span><strong>Horaire<\/strong><\/div><div class=\"su-spoiler-content su-u-clearfix su-u-trim\">\n<p>L\u2019horaire est tr\u00e8s variable selon les modalit\u00e9s de chaque programme d\u2019\u00e9tudes, que tu sois inscrit \u00e0 un programme d\u2019\u00e9tudes \u00e0 temps plein ou \u00e0 temps partiel et dont le mode de diffusion peut \u00eatre en classe, en ligne (\u00e0 distance) ou en formule hybride.<\/p>\n<p>Par cons\u00e9quent, les cours et les laboratoires peuvent \u00eatre dispens\u00e9s de jours, de soirs et parfois m\u00eame les week-ends.<\/p>\n<p>Avant de t\u2019inscrire \u00e0 un programme d\u2019\u00e9tudes, tu dois bien t\u2019informer sur les exigences au sujet de la charge de cours et de ses horaires aupr\u00e8s du conseiller p\u00e9dagogique responsable du programme.<\/p>\n<p>Plusieurs cong\u00e9s sont d\u00e9j\u00e0 planifi\u00e9s \u00e0 ton horaire. Ceux-ci correspondent g\u00e9n\u00e9ralement aux jours f\u00e9ri\u00e9s \u00e9tablis par la direction du C\u00e9gep. Attention\u2009! Lors de la rel\u00e2che scolaire de tes enfants \u00e0 l\u2019\u00e9cole primaire et secondaire, tu devras tout de m\u00eame te pr\u00e9senter \u00e0 tous les cours inscrits \u00e0 ton horaire.<\/p>\n<p>Les conseillers p\u00e9dagogiques sont soucieux de planifier les horaires de cours en sachant que tu fais partie d\u2019une client\u00e8le adulte avec, pour la plupart d\u2019entre vous, des obligations parentales. La planification des horaires repose principalement sur trois crit\u00e8res :<\/p>\n<ul>\n<li>la disponibilit\u00e9 des charg\u00e9s de cours et des techniciens\u2009;<\/li>\n<li>la disponibilit\u00e9 des locaux de classes et des laboratoires\u2009;<\/li>\n<li>la charge de cours (nombre d\u2019heures\/semaine) de chacun des programmes d\u2019\u00e9tudes.<\/li>\n<\/ul>\n<\/div><\/div>\n<div class=\"su-spoiler su-spoiler-style-default su-spoiler-icon-plus su-spoiler-closed\" data-scroll-offset=\"0\" data-anchor-in-url=\"no\"><div class=\"su-spoiler-title\" tabindex=\"0\" role=\"button\"><span class=\"su-spoiler-icon\"><\/span><strong>Des cours durant l'\u00e9t\u00e9<\/strong><\/div><div class=\"su-spoiler-content su-u-clearfix su-u-trim\">\n<p>\u00c0 la formation continue, les sessions se d\u00e9roulent de mani\u00e8re intensive avec peu de journ\u00e9es de repos entre la fin d\u2019une session et le d\u00e9but de la suivante.<\/p>\n<p>Il faut que tu saches d\u00e8s le d\u00e9but de ton programme d\u2019\u00e9tudes que durant la p\u00e9riode estivale il y a des cours \u00e0 l\u2019horaire pour la plupart des programmes d\u2019\u00e9tudes \u00e0 temps plein. Il y a cependant fermeture des bureaux de la formation continue pendant les vacances de la construction (2 semaines \u00e0 la fin juillet).<\/p>\n<p>Pour de l\u2019information suppl\u00e9mentaire \u00e0 ce sujet, tu dois t\u2019informer aupr\u00e8s de ton conseiller p\u00e9dagogique responsable du programme.<\/p>\n<\/div><\/div>\n<div class=\"su-spoiler su-spoiler-style-default su-spoiler-icon-plus su-spoiler-closed\" data-scroll-offset=\"0\" data-anchor-in-url=\"no\"><div class=\"su-spoiler-title\" tabindex=\"0\" role=\"button\"><span class=\"su-spoiler-icon\"><\/span><strong>Absence<\/strong><\/div><div class=\"su-spoiler-content su-u-clearfix su-u-trim\">\n<p>La pr\u00e9sence aux cours est obligatoire. Si tu t\u2019absentes sans motif raisonnable \u00e0 plus de 10 % des cours dans une mati\u00e8re donn\u00e9e, tu peux te voir refuser l\u2019acc\u00e8s \u00e0 l\u2019examen final. Un retard \u00e0 une p\u00e9riode de cours est consid\u00e9r\u00e9 comme une absence. L\u2019application et le jugement de ce r\u00e8glement reviennent d\u2019abord au professeur. En cas de litige, le cas est transmis au responsable du programme qui devra statuer.<\/p>\n<p>Les absences non motiv\u00e9es r\u00e9p\u00e9t\u00e9es peuvent mener en une expulsion du cours ou du programme.<\/p>\n<p>L\u2019absence non motiv\u00e9e \u00e0 une \u00e9valuation entraine automatiquement la note z\u00e9ro (0) pour cette \u00e9valuation.<\/p>\n<p>Tu peux te r\u00e9f\u00e9rer au r\u00e8glement sur l\u2019\u00e9valuation des apprentissages de la formation continue pour en savoir davantage \u00e0 ce sujet.<\/p>\n<\/div><\/div>\n<div class=\"su-spoiler su-spoiler-style-default su-spoiler-icon-plus su-spoiler-closed\" data-scroll-offset=\"0\" data-anchor-in-url=\"no\"><div class=\"su-spoiler-title\" tabindex=\"0\" role=\"button\"><span class=\"su-spoiler-icon\"><\/span><strong>Aide au cheminement scolaire<\/strong><\/div><div class=\"su-spoiler-content su-u-clearfix su-u-trim\">\n<p>Si les exigences scolaires te font envisager l\u2019abandon de cours ou de la session, ne prends pas cette d\u00e9cision avant d\u2019avoir parl\u00e9 \u00e0 ton conseiller p\u00e9dagogique. Il y a plus d\u2019une fa\u00e7on de r\u00e9ussir son coll\u00e9gial.<\/p>\n<\/div><\/div>\n<div class=\"su-spoiler su-spoiler-style-default su-spoiler-icon-plus su-spoiler-closed\" data-scroll-offset=\"0\" data-anchor-in-url=\"no\"><div class=\"su-spoiler-title\" tabindex=\"0\" role=\"button\"><span class=\"su-spoiler-icon\"><\/span><strong>Fran\u00e7ais<\/strong><\/div><div class=\"su-spoiler-content su-u-clearfix su-u-trim\">\n<p>Lors de ton inscription dans ton programme d\u2019\u00e9tudes, il est possible que tu aies \u00e0 d\u00e9montrer tes comp\u00e9tences en fran\u00e7ais. Tu seras invit\u00e9 \u00e0 passer un test de qualification en fran\u00e7ais avant d\u2019entreprendre tes \u00e9tudes.<\/p>\n<p>Pendant tous les cours de ton cheminement scolaire, une portion de note sera consacr\u00e9e par ton charg\u00e9 de cours \u00e0 la qualit\u00e9 de la langue fran\u00e7aise. Cette \u00e9valuation s\u2019effectue en conformit\u00e9 de la Politique du fran\u00e7ais de la Formation continue et des services aux entreprises.<\/p>\n<p>Si tu \u00e9prouves des difficult\u00e9s en fran\u00e7ais, parles-en \u00e0 ton conseiller p\u00e9dagogique responsable du programme qui verra \u00e0 te diriger vers des ressources comme des ateliers de perfectionnement ou le <a href=\"https:\/\/ccdmd.qc.ca\/fr\/\" target=\"_blank\" rel=\"noopener noreferrer\">Centre coll\u00e9gial de d\u00e9veloppement de mat\u00e9riel didactique<\/a>.<\/p>\n<\/div><\/div>\n<div class=\"su-spoiler su-spoiler-style-default su-spoiler-icon-plus su-spoiler-closed\" data-scroll-offset=\"0\" data-anchor-in-url=\"no\"><div class=\"su-spoiler-title\" tabindex=\"0\" role=\"button\"><span class=\"su-spoiler-icon\"><\/span><strong>L'utilisation des technologies de l'information et du web<\/strong><\/div><div class=\"su-spoiler-content su-u-clearfix su-u-trim\">\n<p>Il ne faut pas que l\u2019utilisation des outils informatiques et du Web soit un frein \u00e0 ton projet de retour aux \u00e9tudes. Si tu as des difficult\u00e9s avec ces nouveaux outils, ne tarde pas \u00e0 venir en parler \u00e0 ton conseiller p\u00e9dagogique responsable du programme et, ensemble, vous trouverez s\u00fbrement une solution.<br \/>\n\u2022 Accompagnement par l\u2019\u00e9quipe formation \u00e0 distance (FAD) de la formation continue.<br \/>\n\u2022 Tutorat par un coll\u00e8gue de classe.<br \/>\n\u2022 R\u00e9f\u00e9rence \u00e0 des sites Web ou \u00e0 du mat\u00e9riel didactique.<\/p>\n<\/div><\/div>\n<div class=\"su-spoiler su-spoiler-style-default su-spoiler-icon-plus su-spoiler-closed\" data-scroll-offset=\"0\" data-anchor-in-url=\"no\"><div class=\"su-spoiler-title\" tabindex=\"0\" role=\"button\"><span class=\"su-spoiler-icon\"><\/span><strong>Aide financi\u00e8re (Emploi-Qu\u00e9bec)<\/strong><\/div><div class=\"su-spoiler-content su-u-clearfix su-u-trim\">\n<p>Tu as besoin de formation pour garder ton emploi ou pour en trouver un\u2009? Gr\u00e2ce \u00e0 la mesure de formation de la main-d\u2019\u0153uvre, tu pourrais suivre une formation coll\u00e9giale aux adultes tout en recevant une aide financi\u00e8re et le remboursement de frais li\u00e9s \u00e0 ta formation.<\/p>\n<p>D\u00e8s que l\u2019id\u00e9e d\u2019un retour aux \u00e9tudes te vient en t\u00eate, tu peux consulter en tout temps un agent de ton centre local d\u2019emploi qui \u00e9valuera ta situation et tes besoins. <a href=\"https:\/\/www.mtess.gouv.qc.ca\/thematiques\/aide-financiere\/\" target=\"_blank\" rel=\"noopener noreferrer\">Pour de l\u2019information suppl\u00e9mentaire.<\/a><\/p>\n<\/div><\/div>\n<div class=\"su-spoiler su-spoiler-style-default su-spoiler-icon-plus su-spoiler-closed\" data-scroll-offset=\"0\" data-anchor-in-url=\"no\"><div class=\"su-spoiler-title\" tabindex=\"0\" role=\"button\"><span class=\"su-spoiler-icon\"><\/span><strong>Pr\u00eats et bourses<\/strong><\/div><div class=\"su-spoiler-content su-u-clearfix su-u-trim\">\n<p>Chaque demande est unique. Surtout, ne tiens pas pour acquises toutes les rumeurs que tu entendras. En tout temps, tu peux contacter la responsable de l\u2019aide financi\u00e8re (pr\u00eats et bourses) qui peut v\u00e9rifier ton dossier, analyser ta situation et trouver des solutions. C\u2019est un service humain, discret et professionnel!<\/p>\n<a href=\"http:\/\/www.afe.gouv.qc.ca\/\" class=\"su-button su-button-style-flat\" style=\"color:#FFFFFF;background-color:#fd8204;border-color:#cb6804;border-radius:7px\" target=\"_blank\" rel=\"noopener noreferrer\"><span style=\"color:#FFFFFF;padding:0px 20px;font-size:16px;line-height:32px;border-color:#fea850;border-radius:7px;text-shadow:none\"> Remplir une demande<\/span><\/a>\n<p>&nbsp;<\/p>\n<p>Si tu \u00e9prouves des difficult\u00e9s financi\u00e8res, prends le temps d\u2019en parler avec la travailleuse sociale ou la responsable de l\u2019aide financi\u00e8re. Qui sait, le c\u00e9gep a peut-\u00eatre quelque chose \u00e0 t\u2019offrir!<\/p>\n<ul>\n<li><a href=\"https:\/\/www.cegeptr.qc.ca\/aide-financiere\/\" target=\"_blank\" rel=\"noopener noreferrer\">Service de l\u2019aide financi\u00e8re du C\u00e9gep de Trois-Rivi\u00e8res\u00a0<\/a><\/li>\n<li><a href=\"https:\/\/www.cegeptr.qc.ca\/etudiants-actuels\/services-psychosociaux\/\" target=\"_blank\" rel=\"noopener noreferrer\">Services psychosociaux<\/a><\/li>\n<\/ul>\n<p>Si tu as une attestation diagnostique (par ex. : diab\u00e8te type I, maladie de Crohn) ou une d\u00e9ficience motrice (par ex. : hernie discale), il est important que tu consultes la responsable financi\u00e8re, car tu dois remplir d\u2019autres formulaires.<\/p>\n<p>Si tu cherches des informations sur divers programmes de bourses, consulte le site de la <a href=\"https:\/\/fondation.cegeptr.qc.ca\/\" target=\"_blank\" rel=\"noopener noreferrer\">Fondation du C\u00e9gep de Trois-Rivi\u00e8res<\/a>.<\/p>\n<\/div><\/div>\n<div class=\"su-spoiler su-spoiler-style-default su-spoiler-icon-plus su-spoiler-closed\" data-scroll-offset=\"0\" data-anchor-in-url=\"no\"><div class=\"su-spoiler-title\" tabindex=\"0\" role=\"button\"><span class=\"su-spoiler-icon\"><\/span><strong>Assurances<\/strong><\/div><div class=\"su-spoiler-content su-u-clearfix su-u-trim\">\n<p>Les \u00e9tudiants de la formation continue ne sont pas couverts par une assurance collective.<\/p>\n<\/div><\/div>\n<div class=\"su-spoiler su-spoiler-style-default su-spoiler-icon-plus su-spoiler-closed\" data-scroll-offset=\"0\" data-anchor-in-url=\"no\"><div class=\"su-spoiler-title\" tabindex=\"0\" role=\"button\"><span class=\"su-spoiler-icon\"><\/span><strong>Adaptation\/int\u00e9gration<\/strong><\/div><div class=\"su-spoiler-content su-u-clearfix su-u-trim\">\n<p>D\u00e8s ta premi\u00e8re pr\u00e9sence en classe, tu remarqueras une disparit\u00e9 quant \u00e0 l\u2019\u00e2ge ainsi que le v\u00e9cu personnel et professionnel de tes coll\u00e8gues de classe. Parfois, ce contexte peut \u00eatre intimidant pour certains \u00e9tudiants et ton estime peut en souffrir.<\/p>\n<p>Tes nouveaux coll\u00e8gues de classe ont des raisons bien \u00e0 eux de faire un retour aux \u00e9tudes (mise \u00e0 pied temporaire ou permanente, revenus insuffisants, r\u00e9orientation de carri\u00e8re, d\u00e9localisation d\u2019un emploi, exigence de leur employeur, etc.). Pour cr\u00e9er un climat harmonieux dans la classe, il faut que tu sois empathique \u00e0 ce que vit chaque personne. Tu dois \u00e9viter de porter des jugements gratuits. Des coll\u00e8gues de classe plus fragiles pourraient m\u00eame remettre en question leur projet d\u2019\u00e9tudes.<\/p>\n<p>Si tu es dans une situation conflictuelle avec un coll\u00e8ge de classe, un charg\u00e9 de cours ou un membre du personnel, n\u2019h\u00e9site pas \u00e0 venir en parler le plus t\u00f4t possible \u00e0 ton conseiller p\u00e9dagogique responsable du programme.<\/p>\n<p>Dans le cadre de ton programme d\u2019\u00e9tudes, les charg\u00e9s de cours seront soucieux de faire valoir tes forces, tes comp\u00e9tences et tes diff\u00e9rentes exp\u00e9riences d\u2019emploi en lien avec les contenus p\u00e9dagogiques. Tu pourras t\u2019exprimer et partager tes savoirs avec tes coll\u00e8gues de classe dans un climat d\u2019ouverture, de collaboration et de respect.<\/p>\n<\/div><\/div>\n<div class=\"su-spoiler su-spoiler-style-default su-spoiler-icon-plus su-spoiler-closed\" data-scroll-offset=\"0\" data-anchor-in-url=\"no\"><div class=\"su-spoiler-title\" tabindex=\"0\" role=\"button\"><span class=\"su-spoiler-icon\"><\/span><strong>D\u00e9fi sant\u00e9<\/strong><\/div><div class=\"su-spoiler-content su-u-clearfix su-u-trim\">\n<p>Le c\u00e9gep offre un programme d\u2019activit\u00e9s appel\u00e9 <a href=\"https:\/\/www.cegeptr.qc.ca\/defi-sante\/\" target=\"_blank\" rel=\"noopener noreferrer\">D\u00e9fi sant\u00e9<\/a>. Celles-ci sont ouvertes \u00e0 toute la communaut\u00e9 coll\u00e9giale.<\/p>\n<\/div><\/div>\n<div class=\"su-spoiler su-spoiler-style-default su-spoiler-icon-plus su-spoiler-closed\" data-scroll-offset=\"0\" data-anchor-in-url=\"no\"><div class=\"su-spoiler-title\" tabindex=\"0\" role=\"button\"><span class=\"su-spoiler-icon\"><\/span><strong>Implication et engagement<\/strong><\/div><div class=\"su-spoiler-content su-u-clearfix su-u-trim\">\n<p>L\u2019implication et l\u2019engagement sont des facteurs de r\u00e9ussite reconnus. Il y a une place pour toi au c\u00e9gep, tu n\u2019as qu\u2019\u00e0 choisir.<\/p>\n<p>Pour faire de ton passage au c\u00e9gep une exp\u00e9rience m\u00e9morable, on a regroup\u00e9 pour toi nos activit\u00e9s ludiques, nos possibilit\u00e9s d\u2019implication et des regroupements pouvant te faire rencontrer des personnes qui partagent ta r\u00e9alit\u00e9 ou tes int\u00e9r\u00eats! \u00c9pluche la liste et n\u2019h\u00e9site pas \u00e0 signifier ton int\u00e9r\u00eat ou \u00e0 poser tes questions au responsable.<\/p>\n<ul>\n<li><a href=\"https:\/\/www.cegeptr.qc.ca\/etudiants-actuels\/napolitaine\/\" target=\"_blank\" rel=\"noopener\">Napolitaine<\/a><\/li>\n<\/ul>\n<p>Pour des exp\u00e9riences sportives : m\u00eame si tu as plus de 22 ans, le c\u00e9gep t\u2019offre la possibilit\u00e9 de devenir un athl\u00e8te des Diablos dans certaines disciplines. Ce service offre \u00e9galement des emplois de quelques heures par semaine ou par session, comme responsable de plateau, statisticien, etc. Si cela t\u2019int\u00e9resse, informe-toi aupr\u00e8s du <a href=\"http:\/\/diablos.cegeptr.qc.ca\/\" target=\"_blank\" rel=\"noopener noreferrer\">Service des sports<\/a>.<\/p>\n<ul>\n<li><a href=\"https:\/\/www.cegeptr.qc.ca\/etudiants-actuels\/diablos\/\" target=\"_blank\" rel=\"noopener\">Les Diablos<\/a><\/li>\n<\/ul>\n<\/div><\/div>\n<div class=\"su-spoiler su-spoiler-style-default su-spoiler-icon-plus su-spoiler-closed\" data-scroll-offset=\"0\" data-anchor-in-url=\"no\"><div class=\"su-spoiler-title\" tabindex=\"0\" role=\"button\"><span class=\"su-spoiler-icon\"><\/span><strong>Services adapt\u00e9s<\/strong><\/div><div class=\"su-spoiler-content su-u-clearfix su-u-trim\">\n<p>Les <a href=\"https:\/\/www.cegeptr.qc.ca\/services-adaptes\/\" target=\"_blank\" rel=\"noopener\">Services adapt\u00e9s<\/a> accompagnent les \u00e9tudiants pr\u00e9sentant une\u00a0<strong>limitation diagnostiqu\u00e9e <\/strong><span class=\"ui-provider a b c d e f g h i j k l m n o p q r s t u v w x y z ab ac ae af ag ah ai aj ak\" dir=\"ltr\">ou ayant b\u00e9n\u00e9fici\u00e9 d&rsquo;un plan d&rsquo;intervention au secondaire, dans leur parcours coll\u00e9gial en leur offrant des mesures adaptatives afin de favoriser leur int\u00e9gration et leur r\u00e9ussite.<\/span><\/p>\n<p><a href=\"https:\/\/www.cegeptr.qc.ca\/wp-content\/uploads\/2020\/05\/demande-de-rendez-vous_services-adaptes.pdf\" target=\"_blank\" rel=\"noopener noreferrer\">Pour faire une demande.<\/a><\/p>\n<\/div><\/div>\n<div class=\"su-spoiler su-spoiler-style-default su-spoiler-icon-plus su-spoiler-closed\" data-scroll-offset=\"0\" data-anchor-in-url=\"no\"><div class=\"su-spoiler-title\" tabindex=\"0\" role=\"button\"><span class=\"su-spoiler-icon\"><\/span><strong>Plusieurs formes d'aide<\/strong><\/div><div class=\"su-spoiler-content su-u-clearfix su-u-trim\">\n<p>Au c\u00e9gep, tu trouveras plusieurs formes d\u2019aide pour ta r\u00e9ussite. Tu seras surpris de d\u00e9couvrir tout ce qui est offert pour la r\u00e9ussite de ton projet d\u2019\u00e9tudes.<\/p>\n<ul>\n<li>CARL \/ CAM : Centre d\u2019aide en fran\u00e7ais et en math\u00e9matiques<\/li>\n<li>Centre de d\u00e9pannage linguistique<\/li>\n<li>Centre d\u2019aide en litt\u00e9ratie et philosophie<\/li>\n<li>CAS : centre d\u2019aide en sciences<\/li>\n<li>CASH : centre d\u2019aide en sciences humaines<\/li>\n<li>Centre de d\u00e9pannage en math\u00e9matiques<\/li>\n<\/ul>\n<p>Informe-toi\u00a0: <a href=\"https:\/\/www.cegeptr.qc.ca\/centres-aide\/\">Centres d&rsquo;aide &#8211; C\u00e9gep de Trois-Rivi\u00e8res (cegeptr.qc.ca)<\/a><\/p>\n<p>Tutorat \/ mentorat par les pairs\u00a0: <a href=\"https:\/\/www.cegeptr.qc.ca\/tutorat-par-les-pairs\/\">Le tutorat par les pairs au C\u00e9gep de Trois-Rivi\u00e8res (cegeptr.qc.ca)<\/a><\/p>\n<p>En d\u00e9but de session et au retour de la semaine d\u2019\u00e9tudes, les Services adapt\u00e9s offrent des ateliers \u00e0 tous les \u00e9tudiants du c\u00e9gep.<\/p>\n<p>Voici des exemples d\u2019ateliers offerts\u00a0:<\/p>\n<ul>\n<li>Strat\u00e9gies de lecture;<\/li>\n<li>L\u2019utilisation d\u2019antidote;<\/li>\n<li>L\u2019organisation;<\/li>\n<li>Pr\u00e9sentations aux examens;<\/li>\n<li>Prise de notes.<\/li>\n<\/ul>\n<p>Informe-toi aupr\u00e8s de ce service pour connaitre les d\u00e9tails. <a href=\"https:\/\/www.cegeptr.qc.ca\/services-adaptes\/\">Services adapt\u00e9s &#8211; C\u00e9gep de Trois-Rivi\u00e8res (cegeptr.qc.ca)<\/a><\/p>\n<\/div><\/div>\n<div class=\"su-spoiler su-spoiler-style-default su-spoiler-icon-plus su-spoiler-closed\" data-scroll-offset=\"0\" data-anchor-in-url=\"no\"><div class=\"su-spoiler-title\" tabindex=\"0\" role=\"button\"><span class=\"su-spoiler-icon\"><\/span><strong>Difficult\u00e9s personnelles, familiales ou relationnelles<\/strong><\/div><div class=\"su-spoiler-content su-u-clearfix su-u-trim\">\n<p>Tu as besoin de parler \u00e0 quelqu\u2019un de neutre qui ne te jugera pas? Tu te sens d\u00e9pass\u00e9 par un \u00e9v\u00e8nement ou tu vis une p\u00e9riode difficile? L\u2019\u00e9quipe des Services psychosociaux du c\u00e9gep est l\u00e0 pour t\u2019\u00e9couter et te soutenir.<\/p>\n<p>N\u2019h\u00e9site pas \u00e0 prendre rendez-vous. Les consultations sont gratuites et confidentielles. En tout temps, tu seras \u00e9cout\u00e9 et respect\u00e9.<\/p>\n<p>Services psychosociaux :\u00a0<a href=\"https:\/\/www.cegeptr.qc.ca\/etudiants-actuels\/services-psychosociaux\/\">Services psychosociaux &#8211; C\u00e9gep de Trois-Rivi\u00e8res (cegeptr.qc.ca)<\/a><\/p>\n<p><strong>Bureau d\u2019accueil VACS sur les violences \u00e0 caract\u00e8re sexuel (VACS)<\/strong><\/p>\n<p>Tu veux savoir quoi faire si tu es t\u00e9moin d\u2019une violence \u00e0 caract\u00e8re sexuel? Tu es toi-m\u00eame victime ou tu te questionnes l\u00e0-dessus?<\/p>\n<p>Le Coll\u00e8ge a le souci d\u2019offrir \u00e0 l\u2019ensemble de la communaut\u00e9 coll\u00e9giale un milieu de vie exempt de violences \u00e0 caract\u00e8re sexuel. \u00c0 cet effet, plusieurs mesures sont mises en place afin de pr\u00e9venir, de sensibiliser, de prot\u00e9ger et d\u2019agir pour contrer les violences \u00e0 caract\u00e8re sexuel. Il s\u2019agit de la responsabilit\u00e9 de tous.<\/p>\n<p>Bureau d\u2019accueil VACS sur les violences \u00e0 caract\u00e8re sexuel :\u00a0<a href=\"https:\/\/www.cegeptr.qc.ca\/etudiants-actuels\/vacs\/\">Violences sexuelles &#8211; VACS &#8211; C\u00e9gep de Trois-Rivi\u00e8res (cegeptr.qc.ca)<\/a><\/p>\n<\/div><\/div>\n<div class=\"su-spoiler su-spoiler-style-default su-spoiler-icon-plus su-spoiler-closed\" data-scroll-offset=\"0\" data-anchor-in-url=\"no\"><div class=\"su-spoiler-title\" tabindex=\"0\" role=\"button\"><span class=\"su-spoiler-icon\"><\/span><strong>Centre de la petite enfance<\/strong><\/div><div class=\"su-spoiler-content su-u-clearfix su-u-trim\">\n<p>Le centre situ\u00e9 sur le terrain du c\u00e9gep s\u2019appelle le <a href=\"https:\/\/www.cegeptr.qc.ca\/population\/cpe-saute-mouton\/\" target=\"_blank\" rel=\"noopener noreferrer\">CPE Saute-mouton<\/a>. Pour demander une place pour ton enfant, tu t\u2019inscris sur le site <a href=\"https:\/\/www.laplace0-5.com\/\" target=\"_blank\" rel=\"noopener noreferrer\">La Place 0-5<\/a>.<\/p>\n<p>N\u2019oublie pas de sp\u00e9cifier que tu es \u00e9tudiant au c\u00e9gep. Il y a une priorit\u00e9 accord\u00e9e aux \u00e9tudiants et au personnel du c\u00e9gep. Toutefois, malgr\u00e9 cette priorit\u00e9, il n\u2019est pas garanti que tu aies une place. Adresse une demande d\u00e8s que tu penses venir au c\u00e9gep.<\/p>\n<p>Tu peux \u00e9galement aller visiter l\u2019endroit.<\/p>\n<\/div><\/div>\n<div class=\"su-spoiler su-spoiler-style-default su-spoiler-icon-plus su-spoiler-closed\" data-scroll-offset=\"0\" data-anchor-in-url=\"no\"><div class=\"su-spoiler-title\" tabindex=\"0\" role=\"button\"><span class=\"su-spoiler-icon\"><\/span><strong>Stationnement<\/strong><\/div><div class=\"su-spoiler-content su-u-clearfix su-u-trim\">\n<p><strong>\u00c9tudiante et \u00e9tudiants actuels<\/strong><br \/>\nSurveille les actualit\u00e9s et messages sur Omnivox <strong>d\u00e9but mai<\/strong> pour connaitre les pr\u00e9cisions sur le processus de demande de permis de stationnement.<\/p>\n<p><strong>Nouveaux admis \u00e0 l\u2019automne<\/strong><br \/>\nSurveille les actualit\u00e9s et messages sur Omnivox vers la <strong>mi-juin<\/strong> pour connaitre les pr\u00e9cisions sur le processus de demande de permis de stationnement.<\/p>\n<p>Stationnement :\u00a0<a href=\"https:\/\/www.cegeptr.qc.ca\/le-stationnement\/\">Le stationnement du C\u00e9gep de Trois-Rivi\u00e8res (cegeptr.qc.ca)<\/a><\/p>\n<\/div><\/div>\n<div class=\"su-spoiler su-spoiler-style-default su-spoiler-icon-plus su-spoiler-closed\" data-scroll-offset=\"0\" data-anchor-in-url=\"no\"><div class=\"su-spoiler-title\" tabindex=\"0\" role=\"button\"><span class=\"su-spoiler-icon\"><\/span><strong>\u00c9copasse<\/strong><\/div><div class=\"su-spoiler-content su-u-clearfix su-u-trim\">\n<p>Les \u00e9tudiants de la formation continue ne sont pas admissibles \u00e0 l\u2019\u00c9copasse.<\/p>\n<\/div><\/div>\n<div class=\"su-spoiler su-spoiler-style-default su-spoiler-icon-plus su-spoiler-closed\" data-scroll-offset=\"0\" data-anchor-in-url=\"no\"><div class=\"su-spoiler-title\" tabindex=\"0\" role=\"button\"><span class=\"su-spoiler-icon\"><\/span><strong>R\u00e9sidences<\/strong><\/div><div class=\"su-spoiler-content su-u-clearfix su-u-trim\">\n<p>Que tu sois inscrit dans un programme r\u00e9gulier ou \u00e0 la formation continue, tu peux adresser une demande au <a href=\"https:\/\/www.cegeptr.qc.ca\/residences\/\" target=\"_blank\" rel=\"noopener noreferrer\">service des r\u00e9sidences du c\u00e9gep<\/a>.<\/p>\n<\/div><\/div>\n<div class=\"su-spoiler su-spoiler-style-default su-spoiler-icon-plus su-spoiler-closed\" data-scroll-offset=\"0\" data-anchor-in-url=\"no\"><div class=\"su-spoiler-title\" tabindex=\"0\" role=\"button\"><span class=\"su-spoiler-icon\"><\/span><strong>Trucs et conseils<\/strong><\/div><div class=\"su-spoiler-content su-u-clearfix su-u-trim\">\n<p><strong>Planifie ton horaire d\u2019\u00e9tude<\/strong> et fais-le connaitre aux membres de ta famille en l\u2019affichant sur le frigo!<\/p>\n<p><strong>Isole-toi<\/strong> dans une pi\u00e8ce am\u00e9nag\u00e9e \u00e0 cette fin pour entreprendre tes lectures et tes travaux. Ce doit \u00eatre ton abri nucl\u00e9aire!<\/p>\n<p>Demande \u00e0 ton conjoint ou \u00e0 toute autre personne-ressource de s\u2019occuper des enfants pendant tes p\u00e9riodes d\u2019\u00e9tudes et en p\u00e9riodes d\u2019examens. <strong>\u00c9vite d\u2019\u00eatre d\u00e9rang\u00e9 \u00e0 chaque instant!<\/strong><\/p>\n<p>\u00c9vite \u00e0 tout prix de chercher \u00e0 atteindre \u00ab\u2009la perfection\u2009\u00bb. Ceci diminuera ta pression et ton stress. Il faut que tu sois capable de <strong>doser tes attentes<\/strong> par rapport \u00e0 toi-m\u00eame. Le contexte est bien diff\u00e9rent de celui quand tu \u00e9tais jeune \u00e9tudiant(e)!<\/p>\n<p><strong>Associe-toi \u00e0 des coll\u00e8gues<\/strong> de classe pour t\u2019aider, collaborer et partager de l\u2019information ou des connaissances. \u00ab\u2009Seul on va plus vite, ensemble on va plus loin\u2009\u00bb.<\/p>\n<p>Accorde-toi du temps pour toi et pour les membres de ta famille (activit\u00e9s de plein air ou sportives ou toutes autres activit\u00e9s te permettant de te lib\u00e9rer l\u2019esprit). <strong>Tu dois absolument te lib\u00e9rer les neurones!<\/strong><\/p>\n<p>\u00c9value les <strong>distractions habituelles<\/strong> qui t\u2019emp\u00eachent d\u2019accomplir tes \u00e9tudes \u00e0 la maison (ex. : sonnerie du t\u00e9l\u00e9phone, bruits de la t\u00e9l\u00e9vision, courriel, Facebook). <strong>Trouve des moyens pour les limiter<\/strong>. Fermer la sonnerie du t\u00e9l\u00e9phone, \u00e9teindre le t\u00e9l\u00e9viseur et d\u00e9sactiver le logiciel de courriel sont des trucs efficaces. Facile \u00e0 donner comme conseil, mais aussi tr\u00e8s difficile \u00e0 suivre!<\/p>\n<p>Planifie tes travaux et tes lectures afin de <strong>r\u00e9partir la charge <\/strong>de travail tout au long de la session. Il faut surtout \u00e9viter de procrastiner, c\u2019est-\u00e0-dire remettre \u00e0 plus tard. <strong>Utilise un agenda<\/strong> papier ou informatique de type Microsoft Outlook!<\/p>\n<\/div><\/div>\n<\/div><div class=\"fusion-clearfix\"><\/div><\/div><\/div><\/div><\/div>\n","protected":false},"excerpt":{"rendered":"<p>RETOUR AUX \u00c9TUDES &#8211; PARENTS AUX \u00c9TUDES \u00ab\u2009Il n\u2019est jamais trop tard\u2009!\u2009\u00bb Formation r\u00e9guli\u00e8re Formation continue &nbsp; Formation r\u00e9guli\u00e8re<\/p>\n","protected":false},"author":40,"featured_media":0,"parent":37,"menu_order":0,"comment_status":"closed","ping_status":"closed","template":"","meta":{"_acf_changed":false,"footnotes":""},"class_list":["post-41","page","type-page","status-publish","hentry"],"acf":[],"_links":{"self":[{"href":"https:\/\/www.cegeptr.qc.ca\/leo\/wp-json\/wp\/v2\/pages\/41","targetHints":{"allow":["GET"]}}],"collection":[{"href":"https:\/\/www.cegeptr.qc.ca\/leo\/wp-json\/wp\/v2\/pages"}],"about":[{"href":"https:\/\/www.cegeptr.qc.ca\/leo\/wp-json\/wp\/v2\/types\/page"}],"author":[{"embeddable":true,"href":"https:\/\/www.cegeptr.qc.ca\/leo\/wp-json\/wp\/v2\/users\/40"}],"replies":[{"embeddable":true,"href":"https:\/\/www.cegeptr.qc.ca\/leo\/wp-json\/wp\/v2\/comments?post=41"}],"version-history":[{"count":49,"href":"https:\/\/www.cegeptr.qc.ca\/leo\/wp-json\/wp\/v2\/pages\/41\/revisions"}],"predecessor-version":[{"id":908,"href":"https:\/\/www.cegeptr.qc.ca\/leo\/wp-json\/wp\/v2\/pages\/41\/revisions\/908"}],"up":[{"embeddable":true,"href":"https:\/\/www.cegeptr.qc.ca\/leo\/wp-json\/wp\/v2\/pages\/37"}],"wp:attachment":[{"href":"https:\/\/www.cegeptr.qc.ca\/leo\/wp-json\/wp\/v2\/media?parent=41"}],"curies":[{"name":"wp","href":"https:\/\/api.w.org\/{rel}","templated":true}]}}